{"id":25586,"date":"2021-04-29T02:47:46","date_gmt":"2021-04-29T02:47:46","guid":{"rendered":"https:\/\/multimedia.org.ec\/?page_id=25586"},"modified":"2025-09-28T16:28:29","modified_gmt":"2025-09-28T16:28:29","slug":"elementor-25586","status":"publish","type":"page","link":"https:\/\/multimedia.org.ec\/index.php\/elementor-25586\/","title":{"rendered":"Formaci\u00f3n"},"content":{"rendered":"\t\t<div data-elementor-type=\"wp-page\" data-elementor-id=\"25586\" class=\"elementor elementor-25586\">\n\t\t\t\t\t\t\t\t\t<section class=\"elementor-section elementor-top-section elementor-element elementor-element-4dfba69 elementor-section-boxed elementor-section-height-default elementor-section-height-default\" data-id=\"4dfba69\" data-element_type=\"section\">\n\t\t\t\t\t\t<div class=\"elementor-container elementor-column-gap-default\">\n\t\t\t\t\t<div class=\"elementor-column elementor-col-33 elementor-top-column elementor-element elementor-element-7e0c07d\" data-id=\"7e0c07d\" data-element_type=\"column\">\n\t\t\t<div class=\"elementor-widget-wrap elementor-element-populated\">\n\t\t\t\t\t\t\t\t<div class=\"elementor-element elementor-element-706f026 elementor-widget elementor-widget-image\" data-id=\"706f026\" data-element_type=\"widget\" data-widget_type=\"image.default\">\n\t\t\t\t<div class=\"elementor-widget-container\">\n\t\t\t\t\t\t\t\t\t\t\t\t\t\t\t<img decoding=\"async\" width=\"197\" height=\"162\" src=\"https:\/\/multimedia.org.ec\/wp-content\/uploads\/2022\/04\/los-andes-internacional-WEB.png\" class=\"attachment-large size-large\" alt=\"\" loading=\"lazy\" \/>\t\t\t\t\t\t\t\t\t\t\t\t\t\t\t<\/div>\n\t\t\t\t<\/div>\n\t\t\t\t\t<\/div>\n\t\t<\/div>\n\t\t\t\t<div class=\"elementor-column elementor-col-66 elementor-top-column elementor-element elementor-element-0acffa7\" data-id=\"0acffa7\" data-element_type=\"column\">\n\t\t\t<div class=\"elementor-widget-wrap elementor-element-populated\">\n\t\t\t\t\t\t\t\t<div class=\"elementor-element elementor-element-7102dde elementor-widget elementor-widget-text-editor\" data-id=\"7102dde\" data-element_type=\"widget\" data-widget_type=\"text-editor.default\">\n\t\t\t\t<div class=\"elementor-widget-container\">\n\t\t\t\t\t\t\t<p>El Instituto Superior Internacional Los Andes es una instituci\u00f3n de educaci\u00f3n superior privada con registro nro. 11-001, creada en la ciudad de Loja en el a\u00f1o de 1995, Acreditada por el Estado Ecuatoriano con&nbsp; resoluci\u00f3n del CACES NRO. 043-SO-10-2021.<\/p>\n<p>Su sede actual est\u00e1 en la ciudad de Loja y su radio de acci\u00f3n es todo el Ecuador, latinoam\u00e9rica y el mundo a trav\u00e9s de sus siete carreras en l\u00ednea. Sus carreras duran cinco ciclos y el t\u00edtulo que oferta es el tecn\u00f3logo Superior, t\u00edtulos de tercer nivel reconocidos en el Ecuador y fuera de \u00e9l bajo el convenio de la Haya.<\/p><p>Su \u00faltimo proyecto, atendiendo la necesidad del sector es la incorporaci\u00f3n de un Programa Acad\u00e9mico de Validaci\u00f3n de la Experiencia y la trayectoria laboral, lo cual permitir\u00e1 a las personas obtener su t\u00edtulo de forma r\u00e1pida y segura.<\/p>\t\t\t\t\t\t<\/div>\n\t\t\t\t<\/div>\n\t\t\t\t\t<\/div>\n\t\t<\/div>\n\t\t\t\t\t\t\t<\/div>\n\t\t<\/section>\n\t\t\t\t<section class=\"elementor-section elementor-top-section elementor-element elementor-element-e6b414e elementor-section-boxed elementor-section-height-default elementor-section-height-default\" data-id=\"e6b414e\" data-element_type=\"section\">\n\t\t\t\t\t\t<div class=\"elementor-container elementor-column-gap-default\">\n\t\t\t\t\t<div class=\"elementor-column elementor-col-100 elementor-top-column elementor-element elementor-element-6c5e5ff\" data-id=\"6c5e5ff\" data-element_type=\"column\">\n\t\t\t<div class=\"elementor-widget-wrap elementor-element-populated\">\n\t\t\t\t\t\t\t\t<div class=\"elementor-element elementor-element-2f1da14 elementor-widget elementor-widget-heading\" data-id=\"2f1da14\" data-element_type=\"widget\" data-widget_type=\"heading.default\">\n\t\t\t\t<div class=\"elementor-widget-container\">\n\t\t\t<h2 class=\"elementor-heading-title elementor-size-default\"><h1 data-elementor-setting-key=\"title\" data-pen-placeholder=\"Teclea aqu\u00ed...\" style=\"font-style: normal; -webkit-text-stroke-color: rgb(0, 0, 0); stroke: rgb(0, 0, 0); text-shadow: rgba(0, 0, 0, 0.3) 0px 0px 10px; text-align: center;\"><span style=\"font-style: inherit; font-size: 54px;\"><font color=\"#4054b2\">Lo nuevo en Los Andes<\/font><\/span><span style=\"color: rgb(47, 63, 80); font-size: 2.1875rem; font-style: inherit; font-weight: 500;\"><\/span><font color=\"#4054b2\"><span style=\"font-size: 54px;\"><br><\/span><\/font><\/h1><\/h2>\t\t<\/div>\n\t\t\t\t<\/div>\n\t\t\t\t\t<\/div>\n\t\t<\/div>\n\t\t\t\t\t\t\t<\/div>\n\t\t<\/section>\n\t\t\t\t<section class=\"elementor-section elementor-top-section elementor-element elementor-element-0e52518 elementor-section-boxed elementor-section-height-default elementor-section-height-default\" data-id=\"0e52518\" data-element_type=\"section\">\n\t\t\t\t\t\t<div class=\"elementor-container elementor-column-gap-default\">\n\t\t\t\t\t<div class=\"elementor-column elementor-col-100 elementor-top-column elementor-element elementor-element-315ed74\" data-id=\"315ed74\" data-element_type=\"column\">\n\t\t\t<div class=\"elementor-widget-wrap elementor-element-populated\">\n\t\t\t\t\t\t\t\t<div class=\"elementor-element elementor-element-8aa2616 elementor-widget elementor-widget-image\" data-id=\"8aa2616\" data-element_type=\"widget\" data-widget_type=\"image.default\">\n\t\t\t\t<div class=\"elementor-widget-container\">\n\t\t\t\t\t\t\t\t\t\t\t\t\t\t\t<img decoding=\"async\" width=\"1024\" height=\"536\" src=\"https:\/\/multimedia.org.ec\/wp-content\/uploads\/2025\/09\/Tecnologias-en-linea-horizontal-1024x536.jpg\" class=\"attachment-large size-large\" alt=\"\" loading=\"lazy\" srcset=\"https:\/\/multimedia.org.ec\/wp-content\/uploads\/2025\/09\/Tecnologias-en-linea-horizontal-1024x536.jpg 1024w, https:\/\/multimedia.org.ec\/wp-content\/uploads\/2025\/09\/Tecnologias-en-linea-horizontal-300x157.jpg 300w, https:\/\/multimedia.org.ec\/wp-content\/uploads\/2025\/09\/Tecnologias-en-linea-horizontal-768x402.jpg 768w, https:\/\/multimedia.org.ec\/wp-content\/uploads\/2025\/09\/Tecnologias-en-linea-horizontal.jpg 1200w\" sizes=\"(max-width: 1024px) 100vw, 1024px\" \/>\t\t\t\t\t\t\t\t\t\t\t\t\t\t\t<\/div>\n\t\t\t\t<\/div>\n\t\t\t\t\t<\/div>\n\t\t<\/div>\n\t\t\t\t\t\t\t<\/div>\n\t\t<\/section>\n\t\t\t\t<section class=\"elementor-section elementor-top-section elementor-element elementor-element-46766007 elementor-section-content-middle elementor-section-boxed elementor-section-height-default elementor-section-height-default\" data-id=\"46766007\" data-element_type=\"section\">\n\t\t\t\t\t\t<div class=\"elementor-container elementor-column-gap-no\">\n\t\t\t\t\t<div class=\"elementor-column elementor-col-100 elementor-top-column elementor-element elementor-element-3333f3c3\" data-id=\"3333f3c3\" data-element_type=\"column\">\n\t\t\t<div class=\"elementor-widget-wrap elementor-element-populated\">\n\t\t\t\t\t\t\t\t<div class=\"elementor-element elementor-element-49c951a6 elementor-widget elementor-widget-heading\" data-id=\"49c951a6\" data-element_type=\"widget\" data-widget_type=\"heading.default\">\n\t\t\t\t<div class=\"elementor-widget-container\">\n\t\t\t<h1 class=\"elementor-heading-title elementor-size-default\">Certifica tu experiencia laboral<\/h1>\t\t<\/div>\n\t\t\t\t<\/div>\n\t\t\t\t<div class=\"elementor-element elementor-element-52ebc5aa elementor-widget elementor-widget-heading\" data-id=\"52ebc5aa\" data-element_type=\"widget\" data-widget_type=\"heading.default\">\n\t\t\t\t<div class=\"elementor-widget-container\">\n\t\t\t<h5 class=\"elementor-heading-title elementor-size-default\">Con visualizaci\u00f3n en SENESCYT...!!<\/h5>\t\t<\/div>\n\t\t\t\t<\/div>\n\t\t\t\t<div class=\"elementor-element elementor-element-3b5dbf50 gallery-spacing-custom elementor-widget elementor-widget-image-gallery\" data-id=\"3b5dbf50\" data-element_type=\"widget\" data-widget_type=\"image-gallery.default\">\n\t\t\t\t<div class=\"elementor-widget-container\">\n\t\t\t\t\t<div class=\"elementor-image-gallery\">\n\t\t\t<div id='gallery-1' class='gallery galleryid-25586 gallery-columns-3 gallery-size-full'><figure class='gallery-item'>\n\t\t\t<div class='gallery-icon landscape'>\n\t\t\t\t<a data-elementor-open-lightbox=\"yes\" data-elementor-lightbox-slideshow=\"3b5dbf50\" data-elementor-lightbox-title=\"Certificaci\u00f3n en Asesor\u00eda de Imagen\" e-action-hash=\"#elementor-action%3Aaction%3Dlightbox%26settings%3DeyJpZCI6MjY4OTAsInVybCI6Imh0dHBzOlwvXC9tdWx0aW1lZGlhLm9yZy5lY1wvd3AtY29udGVudFwvdXBsb2Fkc1wvMjAyNVwvMDlcL0NlcnRpZmljYWNpb24tZW4tQXNlc29yaWEtZGUtSW1hZ2VuLmpwZyIsInNsaWRlc2hvdyI6IjNiNWRiZjUwIn0%3D\" href='https:\/\/multimedia.org.ec\/wp-content\/uploads\/2025\/09\/Certificacion-en-Asesoria-de-Imagen.jpg'><img width=\"1200\" height=\"1200\" src=\"https:\/\/multimedia.org.ec\/wp-content\/uploads\/2025\/09\/Certificacion-en-Asesoria-de-Imagen.jpg\" class=\"attachment-full size-full\" alt=\"\" decoding=\"async\" loading=\"lazy\" srcset=\"https:\/\/multimedia.org.ec\/wp-content\/uploads\/2025\/09\/Certificacion-en-Asesoria-de-Imagen.jpg 1200w, https:\/\/multimedia.org.ec\/wp-content\/uploads\/2025\/09\/Certificacion-en-Asesoria-de-Imagen-300x300.jpg 300w, https:\/\/multimedia.org.ec\/wp-content\/uploads\/2025\/09\/Certificacion-en-Asesoria-de-Imagen-1024x1024.jpg 1024w, https:\/\/multimedia.org.ec\/wp-content\/uploads\/2025\/09\/Certificacion-en-Asesoria-de-Imagen-150x150.jpg 150w, https:\/\/multimedia.org.ec\/wp-content\/uploads\/2025\/09\/Certificacion-en-Asesoria-de-Imagen-768x768.jpg 768w\" sizes=\"(max-width: 1200px) 100vw, 1200px\" \/><\/a>\n\t\t\t<\/div><\/figure><figure class='gallery-item'>\n\t\t\t<div class='gallery-icon landscape'>\n\t\t\t\t<a data-elementor-open-lightbox=\"yes\" data-elementor-lightbox-slideshow=\"3b5dbf50\" data-elementor-lightbox-title=\"Certificaci\u00f3n en Asistente de Contabilidad\" e-action-hash=\"#elementor-action%3Aaction%3Dlightbox%26settings%3DeyJpZCI6MjY4OTEsInVybCI6Imh0dHBzOlwvXC9tdWx0aW1lZGlhLm9yZy5lY1wvd3AtY29udGVudFwvdXBsb2Fkc1wvMjAyNVwvMDlcL0NlcnRpZmljYWNpb24tZW4tQXNpc3RlbnRlLWRlLUNvbnRhYmlsaWRhZC5qcGciLCJzbGlkZXNob3ciOiIzYjVkYmY1MCJ9\" href='https:\/\/multimedia.org.ec\/wp-content\/uploads\/2025\/09\/Certificacion-en-Asistente-de-Contabilidad.jpg'><img width=\"1200\" height=\"1200\" src=\"https:\/\/multimedia.org.ec\/wp-content\/uploads\/2025\/09\/Certificacion-en-Asistente-de-Contabilidad.jpg\" class=\"attachment-full size-full\" alt=\"\" decoding=\"async\" loading=\"lazy\" srcset=\"https:\/\/multimedia.org.ec\/wp-content\/uploads\/2025\/09\/Certificacion-en-Asistente-de-Contabilidad.jpg 1200w, https:\/\/multimedia.org.ec\/wp-content\/uploads\/2025\/09\/Certificacion-en-Asistente-de-Contabilidad-300x300.jpg 300w, https:\/\/multimedia.org.ec\/wp-content\/uploads\/2025\/09\/Certificacion-en-Asistente-de-Contabilidad-1024x1024.jpg 1024w, https:\/\/multimedia.org.ec\/wp-content\/uploads\/2025\/09\/Certificacion-en-Asistente-de-Contabilidad-150x150.jpg 150w, https:\/\/multimedia.org.ec\/wp-content\/uploads\/2025\/09\/Certificacion-en-Asistente-de-Contabilidad-768x768.jpg 768w\" sizes=\"(max-width: 1200px) 100vw, 1200px\" \/><\/a>\n\t\t\t<\/div><\/figure><figure class='gallery-item'>\n\t\t\t<div class='gallery-icon landscape'>\n\t\t\t\t<a data-elementor-open-lightbox=\"yes\" data-elementor-lightbox-slideshow=\"3b5dbf50\" data-elementor-lightbox-title=\"Certificaci\u00f3n en Atenci\u00f3n integral en Centros de Desarrollo Infantil\" e-action-hash=\"#elementor-action%3Aaction%3Dlightbox%26settings%3DeyJpZCI6MjY4OTIsInVybCI6Imh0dHBzOlwvXC9tdWx0aW1lZGlhLm9yZy5lY1wvd3AtY29udGVudFwvdXBsb2Fkc1wvMjAyNVwvMDlcL0NlcnRpZmljYWNpb24tZW4tQXRlbmNpb24taW50ZWdyYWwtZW4tQ2VudHJvcy1kZS1EZXNhcnJvbGxvLUluZmFudGlsLmpwZyIsInNsaWRlc2hvdyI6IjNiNWRiZjUwIn0%3D\" href='https:\/\/multimedia.org.ec\/wp-content\/uploads\/2025\/09\/Certificacion-en-Atencion-integral-en-Centros-de-Desarrollo-Infantil.jpg'><img width=\"1200\" height=\"1200\" src=\"https:\/\/multimedia.org.ec\/wp-content\/uploads\/2025\/09\/Certificacion-en-Atencion-integral-en-Centros-de-Desarrollo-Infantil.jpg\" class=\"attachment-full size-full\" alt=\"\" decoding=\"async\" loading=\"lazy\" srcset=\"https:\/\/multimedia.org.ec\/wp-content\/uploads\/2025\/09\/Certificacion-en-Atencion-integral-en-Centros-de-Desarrollo-Infantil.jpg 1200w, https:\/\/multimedia.org.ec\/wp-content\/uploads\/2025\/09\/Certificacion-en-Atencion-integral-en-Centros-de-Desarrollo-Infantil-300x300.jpg 300w, https:\/\/multimedia.org.ec\/wp-content\/uploads\/2025\/09\/Certificacion-en-Atencion-integral-en-Centros-de-Desarrollo-Infantil-1024x1024.jpg 1024w, https:\/\/multimedia.org.ec\/wp-content\/uploads\/2025\/09\/Certificacion-en-Atencion-integral-en-Centros-de-Desarrollo-Infantil-150x150.jpg 150w, https:\/\/multimedia.org.ec\/wp-content\/uploads\/2025\/09\/Certificacion-en-Atencion-integral-en-Centros-de-Desarrollo-Infantil-768x768.jpg 768w\" sizes=\"(max-width: 1200px) 100vw, 1200px\" \/><\/a>\n\t\t\t<\/div><\/figure><figure class='gallery-item'>\n\t\t\t<div class='gallery-icon landscape'>\n\t\t\t\t<a data-elementor-open-lightbox=\"yes\" data-elementor-lightbox-slideshow=\"3b5dbf50\" data-elementor-lightbox-title=\"Certificaci\u00f3n en Cosmetolog\u00eda\" e-action-hash=\"#elementor-action%3Aaction%3Dlightbox%26settings%3DeyJpZCI6MjY4OTMsInVybCI6Imh0dHBzOlwvXC9tdWx0aW1lZGlhLm9yZy5lY1wvd3AtY29udGVudFwvdXBsb2Fkc1wvMjAyNVwvMDlcL0NlcnRpZmljYWNpb24tZW4tQ29zbWV0b2xvZ2lhLmpwZyIsInNsaWRlc2hvdyI6IjNiNWRiZjUwIn0%3D\" href='https:\/\/multimedia.org.ec\/wp-content\/uploads\/2025\/09\/Certificacion-en-Cosmetologia.jpg'><img width=\"1200\" height=\"1200\" src=\"https:\/\/multimedia.org.ec\/wp-content\/uploads\/2025\/09\/Certificacion-en-Cosmetologia.jpg\" class=\"attachment-full size-full\" alt=\"\" decoding=\"async\" loading=\"lazy\" srcset=\"https:\/\/multimedia.org.ec\/wp-content\/uploads\/2025\/09\/Certificacion-en-Cosmetologia.jpg 1200w, https:\/\/multimedia.org.ec\/wp-content\/uploads\/2025\/09\/Certificacion-en-Cosmetologia-300x300.jpg 300w, https:\/\/multimedia.org.ec\/wp-content\/uploads\/2025\/09\/Certificacion-en-Cosmetologia-1024x1024.jpg 1024w, https:\/\/multimedia.org.ec\/wp-content\/uploads\/2025\/09\/Certificacion-en-Cosmetologia-150x150.jpg 150w, https:\/\/multimedia.org.ec\/wp-content\/uploads\/2025\/09\/Certificacion-en-Cosmetologia-768x768.jpg 768w\" sizes=\"(max-width: 1200px) 100vw, 1200px\" \/><\/a>\n\t\t\t<\/div><\/figure><figure class='gallery-item'>\n\t\t\t<div class='gallery-icon landscape'>\n\t\t\t\t<a data-elementor-open-lightbox=\"yes\" data-elementor-lightbox-slideshow=\"3b5dbf50\" data-elementor-lightbox-title=\"Certificaci\u00f3n en Cuidado del Adulto Mayor\" e-action-hash=\"#elementor-action%3Aaction%3Dlightbox%26settings%3DeyJpZCI6MjY4OTQsInVybCI6Imh0dHBzOlwvXC9tdWx0aW1lZGlhLm9yZy5lY1wvd3AtY29udGVudFwvdXBsb2Fkc1wvMjAyNVwvMDlcL0NlcnRpZmljYWNpb24tZW4tQ3VpZGFkby1kZWwtQWR1bHRvLU1heW9yLmpwZyIsInNsaWRlc2hvdyI6IjNiNWRiZjUwIn0%3D\" href='https:\/\/multimedia.org.ec\/wp-content\/uploads\/2025\/09\/Certificacion-en-Cuidado-del-Adulto-Mayor.jpg'><img width=\"1200\" height=\"1200\" src=\"https:\/\/multimedia.org.ec\/wp-content\/uploads\/2025\/09\/Certificacion-en-Cuidado-del-Adulto-Mayor.jpg\" class=\"attachment-full size-full\" alt=\"\" decoding=\"async\" loading=\"lazy\" srcset=\"https:\/\/multimedia.org.ec\/wp-content\/uploads\/2025\/09\/Certificacion-en-Cuidado-del-Adulto-Mayor.jpg 1200w, https:\/\/multimedia.org.ec\/wp-content\/uploads\/2025\/09\/Certificacion-en-Cuidado-del-Adulto-Mayor-300x300.jpg 300w, https:\/\/multimedia.org.ec\/wp-content\/uploads\/2025\/09\/Certificacion-en-Cuidado-del-Adulto-Mayor-1024x1024.jpg 1024w, https:\/\/multimedia.org.ec\/wp-content\/uploads\/2025\/09\/Certificacion-en-Cuidado-del-Adulto-Mayor-150x150.jpg 150w, https:\/\/multimedia.org.ec\/wp-content\/uploads\/2025\/09\/Certificacion-en-Cuidado-del-Adulto-Mayor-768x768.jpg 768w\" sizes=\"(max-width: 1200px) 100vw, 1200px\" \/><\/a>\n\t\t\t<\/div><\/figure><figure class='gallery-item'>\n\t\t\t<div class='gallery-icon landscape'>\n\t\t\t\t<a data-elementor-open-lightbox=\"yes\" data-elementor-lightbox-slideshow=\"3b5dbf50\" data-elementor-lightbox-title=\"Certificaci\u00f3n en Dise\u00f1o Gr\u00e1fico\" e-action-hash=\"#elementor-action%3Aaction%3Dlightbox%26settings%3DeyJpZCI6MjY4OTUsInVybCI6Imh0dHBzOlwvXC9tdWx0aW1lZGlhLm9yZy5lY1wvd3AtY29udGVudFwvdXBsb2Fkc1wvMjAyNVwvMDlcL0NlcnRpZmljYWNpb24tZW4tRGlzZW5vLUdyYWZpY28uanBnIiwic2xpZGVzaG93IjoiM2I1ZGJmNTAifQ%3D%3D\" href='https:\/\/multimedia.org.ec\/wp-content\/uploads\/2025\/09\/Certificacion-en-Diseno-Grafico.jpg'><img width=\"1200\" height=\"1200\" src=\"https:\/\/multimedia.org.ec\/wp-content\/uploads\/2025\/09\/Certificacion-en-Diseno-Grafico.jpg\" class=\"attachment-full size-full\" alt=\"\" decoding=\"async\" loading=\"lazy\" srcset=\"https:\/\/multimedia.org.ec\/wp-content\/uploads\/2025\/09\/Certificacion-en-Diseno-Grafico.jpg 1200w, https:\/\/multimedia.org.ec\/wp-content\/uploads\/2025\/09\/Certificacion-en-Diseno-Grafico-300x300.jpg 300w, https:\/\/multimedia.org.ec\/wp-content\/uploads\/2025\/09\/Certificacion-en-Diseno-Grafico-1024x1024.jpg 1024w, https:\/\/multimedia.org.ec\/wp-content\/uploads\/2025\/09\/Certificacion-en-Diseno-Grafico-150x150.jpg 150w, https:\/\/multimedia.org.ec\/wp-content\/uploads\/2025\/09\/Certificacion-en-Diseno-Grafico-768x768.jpg 768w\" sizes=\"(max-width: 1200px) 100vw, 1200px\" \/><\/a>\n\t\t\t<\/div><\/figure><figure class='gallery-item'>\n\t\t\t<div class='gallery-icon landscape'>\n\t\t\t\t<a data-elementor-open-lightbox=\"yes\" data-elementor-lightbox-slideshow=\"3b5dbf50\" data-elementor-lightbox-title=\"Certificaci\u00f3n en Formador de Formadores\" e-action-hash=\"#elementor-action%3Aaction%3Dlightbox%26settings%3DeyJpZCI6MjY4OTYsInVybCI6Imh0dHBzOlwvXC9tdWx0aW1lZGlhLm9yZy5lY1wvd3AtY29udGVudFwvdXBsb2Fkc1wvMjAyNVwvMDlcL0NlcnRpZmljYWNpb24tZW4tRm9ybWFkb3ItZGUtRm9ybWFkb3Jlcy5qcGciLCJzbGlkZXNob3ciOiIzYjVkYmY1MCJ9\" href='https:\/\/multimedia.org.ec\/wp-content\/uploads\/2025\/09\/Certificacion-en-Formador-de-Formadores.jpg'><img width=\"1200\" height=\"1200\" src=\"https:\/\/multimedia.org.ec\/wp-content\/uploads\/2025\/09\/Certificacion-en-Formador-de-Formadores.jpg\" class=\"attachment-full size-full\" alt=\"\" decoding=\"async\" loading=\"lazy\" srcset=\"https:\/\/multimedia.org.ec\/wp-content\/uploads\/2025\/09\/Certificacion-en-Formador-de-Formadores.jpg 1200w, https:\/\/multimedia.org.ec\/wp-content\/uploads\/2025\/09\/Certificacion-en-Formador-de-Formadores-300x300.jpg 300w, https:\/\/multimedia.org.ec\/wp-content\/uploads\/2025\/09\/Certificacion-en-Formador-de-Formadores-1024x1024.jpg 1024w, https:\/\/multimedia.org.ec\/wp-content\/uploads\/2025\/09\/Certificacion-en-Formador-de-Formadores-150x150.jpg 150w, https:\/\/multimedia.org.ec\/wp-content\/uploads\/2025\/09\/Certificacion-en-Formador-de-Formadores-768x768.jpg 768w\" sizes=\"(max-width: 1200px) 100vw, 1200px\" \/><\/a>\n\t\t\t<\/div><\/figure><figure class='gallery-item'>\n\t\t\t<div class='gallery-icon landscape'>\n\t\t\t\t<a data-elementor-open-lightbox=\"yes\" data-elementor-lightbox-slideshow=\"3b5dbf50\" data-elementor-lightbox-title=\"Certificaci\u00f3n en Organizaci\u00f3n y gesti\u00f3n de la secretaria\" e-action-hash=\"#elementor-action%3Aaction%3Dlightbox%26settings%3DeyJpZCI6MjY4OTcsInVybCI6Imh0dHBzOlwvXC9tdWx0aW1lZGlhLm9yZy5lY1wvd3AtY29udGVudFwvdXBsb2Fkc1wvMjAyNVwvMDlcL0NlcnRpZmljYWNpb24tZW4tT3JnYW5pemFjaW9uLXktZ2VzdGlvbi1kZS1sYS1zZWNyZXRhcmlhLmpwZyIsInNsaWRlc2hvdyI6IjNiNWRiZjUwIn0%3D\" href='https:\/\/multimedia.org.ec\/wp-content\/uploads\/2025\/09\/Certificacion-en-Organizacion-y-gestion-de-la-secretaria.jpg'><img width=\"1200\" height=\"1200\" src=\"https:\/\/multimedia.org.ec\/wp-content\/uploads\/2025\/09\/Certificacion-en-Organizacion-y-gestion-de-la-secretaria.jpg\" class=\"attachment-full size-full\" alt=\"\" decoding=\"async\" loading=\"lazy\" srcset=\"https:\/\/multimedia.org.ec\/wp-content\/uploads\/2025\/09\/Certificacion-en-Organizacion-y-gestion-de-la-secretaria.jpg 1200w, https:\/\/multimedia.org.ec\/wp-content\/uploads\/2025\/09\/Certificacion-en-Organizacion-y-gestion-de-la-secretaria-300x300.jpg 300w, https:\/\/multimedia.org.ec\/wp-content\/uploads\/2025\/09\/Certificacion-en-Organizacion-y-gestion-de-la-secretaria-1024x1024.jpg 1024w, https:\/\/multimedia.org.ec\/wp-content\/uploads\/2025\/09\/Certificacion-en-Organizacion-y-gestion-de-la-secretaria-150x150.jpg 150w, https:\/\/multimedia.org.ec\/wp-content\/uploads\/2025\/09\/Certificacion-en-Organizacion-y-gestion-de-la-secretaria-768x768.jpg 768w\" sizes=\"(max-width: 1200px) 100vw, 1200px\" \/><\/a>\n\t\t\t<\/div><\/figure><figure class='gallery-item'>\n\t\t\t<div class='gallery-icon landscape'>\n\t\t\t\t<a data-elementor-open-lightbox=\"yes\" data-elementor-lightbox-slideshow=\"3b5dbf50\" data-elementor-lightbox-title=\"Certificaci\u00f3n en Prevenci\u00f3n de riesgos laborales\" e-action-hash=\"#elementor-action%3Aaction%3Dlightbox%26settings%3DeyJpZCI6MjY4OTgsInVybCI6Imh0dHBzOlwvXC9tdWx0aW1lZGlhLm9yZy5lY1wvd3AtY29udGVudFwvdXBsb2Fkc1wvMjAyNVwvMDlcL0NlcnRpZmljYWNpb24tZW4tUHJldmVuY2lvbi1kZS1yaWVzZ29zLWxhYm9yYWxlcy5qcGciLCJzbGlkZXNob3ciOiIzYjVkYmY1MCJ9\" href='https:\/\/multimedia.org.ec\/wp-content\/uploads\/2025\/09\/Certificacion-en-Prevencion-de-riesgos-laborales.jpg'><img width=\"1200\" height=\"1200\" src=\"https:\/\/multimedia.org.ec\/wp-content\/uploads\/2025\/09\/Certificacion-en-Prevencion-de-riesgos-laborales.jpg\" class=\"attachment-full size-full\" alt=\"\" decoding=\"async\" loading=\"lazy\" srcset=\"https:\/\/multimedia.org.ec\/wp-content\/uploads\/2025\/09\/Certificacion-en-Prevencion-de-riesgos-laborales.jpg 1200w, https:\/\/multimedia.org.ec\/wp-content\/uploads\/2025\/09\/Certificacion-en-Prevencion-de-riesgos-laborales-300x300.jpg 300w, https:\/\/multimedia.org.ec\/wp-content\/uploads\/2025\/09\/Certificacion-en-Prevencion-de-riesgos-laborales-1024x1024.jpg 1024w, https:\/\/multimedia.org.ec\/wp-content\/uploads\/2025\/09\/Certificacion-en-Prevencion-de-riesgos-laborales-150x150.jpg 150w, https:\/\/multimedia.org.ec\/wp-content\/uploads\/2025\/09\/Certificacion-en-Prevencion-de-riesgos-laborales-768x768.jpg 768w\" sizes=\"(max-width: 1200px) 100vw, 1200px\" \/><\/a>\n\t\t\t<\/div><\/figure>\n\t\t<\/div>\n\t\t<\/div>\n\t\t\t\t<\/div>\n\t\t\t\t<\/div>\n\t\t\t\t\t<\/div>\n\t\t<\/div>\n\t\t\t\t\t\t\t<\/div>\n\t\t<\/section>\n\t\t\t\t<section class=\"elementor-section elementor-top-section elementor-element elementor-element-b138557 elementor-section-boxed elementor-section-height-default elementor-section-height-default\" data-id=\"b138557\" data-element_type=\"section\">\n\t\t\t\t\t\t<div class=\"elementor-container elementor-column-gap-default\">\n\t\t\t\t\t<div class=\"elementor-column elementor-col-100 elementor-top-column elementor-element elementor-element-4b9f0ce\" data-id=\"4b9f0ce\" data-element_type=\"column\">\n\t\t\t<div class=\"elementor-widget-wrap elementor-element-populated\">\n\t\t\t\t\t\t\t\t<div class=\"elementor-element elementor-element-af57dd6 elementor-widget elementor-widget-button\" data-id=\"af57dd6\" data-element_type=\"widget\" data-widget_type=\"button.default\">\n\t\t\t\t<div class=\"elementor-widget-container\">\n\t\t\t\t\t<div class=\"elementor-button-wrapper\">\n\t\t\t<a href=\"https:\/\/multimedia.org.ec\/index.php\/contact\/\" class=\"elementor-button-link elementor-button elementor-size-sm\" role=\"button\">\n\t\t\t\t\t\t<span class=\"elementor-button-content-wrapper\">\n\t\t\t\t\t\t\t<span class=\"elementor-button-icon elementor-align-icon-left\">\n\t\t\t\t<i aria-hidden=\"true\" class=\"far fa-envelope\"><\/i>\t\t\t<\/span>\n\t\t\t\t\t\t<span class=\"elementor-button-text\">Deseo informaci\u00f3n<\/span>\n\t\t<\/span>\n\t\t\t\t\t<\/a>\n\t\t<\/div>\n\t\t\t\t<\/div>\n\t\t\t\t<\/div>\n\t\t\t\t\t<\/div>\n\t\t<\/div>\n\t\t\t\t\t\t\t<\/div>\n\t\t<\/section>\n\t\t\t\t<section class=\"elementor-section elementor-top-section elementor-element elementor-element-15389cb elementor-section-boxed elementor-section-height-default elementor-section-height-default\" data-id=\"15389cb\" data-element_type=\"section\">\n\t\t\t\t\t\t<div class=\"elementor-container elementor-column-gap-default\">\n\t\t\t\t\t<div class=\"elementor-column elementor-col-100 elementor-top-column elementor-element elementor-element-a3e5eca\" data-id=\"a3e5eca\" data-element_type=\"column\">\n\t\t\t<div class=\"elementor-widget-wrap elementor-element-populated\">\n\t\t\t\t\t\t\t\t<div class=\"elementor-element elementor-element-20352b2 elementor-widget elementor-widget-heading\" data-id=\"20352b2\" data-element_type=\"widget\" data-widget_type=\"heading.default\">\n\t\t\t\t<div class=\"elementor-widget-container\">\n\t\t\t<h5 class=\"elementor-heading-title elementor-size-default\"><b>CONTACTENOS<\/b><\/h5>\t\t<\/div>\n\t\t\t\t<\/div>\n\t\t\t\t\t<\/div>\n\t\t<\/div>\n\t\t\t\t\t\t\t<\/div>\n\t\t<\/section>\n\t\t\t\t<section class=\"elementor-section elementor-top-section elementor-element elementor-element-23a12b4 elementor-section-boxed elementor-section-height-default elementor-section-height-default\" data-id=\"23a12b4\" data-element_type=\"section\">\n\t\t\t\t\t\t<div class=\"elementor-container elementor-column-gap-default\">\n\t\t\t\t\t<div class=\"elementor-column elementor-col-100 elementor-top-column elementor-element elementor-element-3033226\" data-id=\"3033226\" data-element_type=\"column\">\n\t\t\t<div class=\"elementor-widget-wrap elementor-element-populated\">\n\t\t\t\t\t\t\t\t<div class=\"elementor-element elementor-element-76ca96a elementor-widget elementor-widget-heading\" data-id=\"76ca96a\" data-element_type=\"widget\" data-widget_type=\"heading.default\">\n\t\t\t\t<div class=\"elementor-widget-container\">\n\t\t\t<h4 class=\"elementor-heading-title elementor-size-default\"><b>098 6321 911<\/b><\/h4>\t\t<\/div>\n\t\t\t\t<\/div>\n\t\t\t\t\t<\/div>\n\t\t<\/div>\n\t\t\t\t\t\t\t<\/div>\n\t\t<\/section>\n\t\t\t\t\t\t\t<\/div>\n\t\t","protected":false},"excerpt":{"rendered":"<p>El Instituto Superior Internacional Los Andes es una instituci\u00f3n de educaci\u00f3n superior privada con registro nro. 11-001, creada en la ciudad de Loja en el a\u00f1o de 1995, Acreditada por el Estado Ecuatoriano con&nbsp; resoluci\u00f3n del CACES NRO. 043-SO-10-2021. Su sede actual est\u00e1 en la ciudad de Loja y su radio de acci\u00f3n es todo &hellip;<\/p>\n<p class=\"read-more\"> <a class=\"\" href=\"https:\/\/multimedia.org.ec\/index.php\/elementor-25586\/\"> <span class=\"screen-reader-text\">Formaci\u00f3n<\/span> Leer m\u00e1s &raquo;<\/a><\/p>\n","protected":false},"author":1,"featured_media":0,"parent":0,"menu_order":0,"comment_status":"closed","ping_status":"closed","template":"","meta":{"_joinchat":[]},"_links":{"self":[{"href":"https:\/\/multimedia.org.ec\/index.php\/wp-json\/wp\/v2\/pages\/25586"}],"collection":[{"href":"https:\/\/multimedia.org.ec\/index.php\/wp-json\/wp\/v2\/pages"}],"about":[{"href":"https:\/\/multimedia.org.ec\/index.php\/wp-json\/wp\/v2\/types\/page"}],"author":[{"embeddable":true,"href":"https:\/\/multimedia.org.ec\/index.php\/wp-json\/wp\/v2\/users\/1"}],"replies":[{"embeddable":true,"href":"https:\/\/multimedia.org.ec\/index.php\/wp-json\/wp\/v2\/comments?post=25586"}],"version-history":[{"count":131,"href":"https:\/\/multimedia.org.ec\/index.php\/wp-json\/wp\/v2\/pages\/25586\/revisions"}],"predecessor-version":[{"id":26904,"href":"https:\/\/multimedia.org.ec\/index.php\/wp-json\/wp\/v2\/pages\/25586\/revisions\/26904"}],"wp:attachment":[{"href":"https:\/\/multimedia.org.ec\/index.php\/wp-json\/wp\/v2\/media?parent=25586"}],"curies":[{"name":"wp","href":"https:\/\/api.w.org\/{rel}","templated":true}]}}